{"id":8,"date":"2019-01-29T17:08:35","date_gmt":"2019-01-29T16:08:35","guid":{"rendered":"https:\/\/ige-edigraphic.fr\/?page_id=8"},"modified":"2020-08-04T11:56:19","modified_gmt":"2020-08-04T09:56:19","slug":"imprimerie-2","status":"publish","type":"page","link":"https:\/\/ige-edigraphic.fr\/index.php\/imprimerie-2\/","title":{"rendered":"L&#8217;imprimerie"},"content":{"rendered":"\n<p style=\"font-size:18px\" class=\"pjustify\">Cr\u00e9e en 2012 avec la reprise d&#8217;<strong>Edigraphic<\/strong> anciennement localis\u00e9e \u00e0 Saint-Maurice-des-Lions (16), <strong>IGE<\/strong> a fusionn\u00e9 en 2015 avec <strong>Eclaircy imprimeur<\/strong>, une fusion de plus de 35 ans d\u2019exp\u00e9rience, et qui a \u00e9lu domicile \u00e0 <strong>Confolens&nbsp;<\/strong>(16) dans la zone d\u2019activit\u00e9 de la Croix St-Georges.<\/p>\n\n\n\n<p style=\"font-size:18px\" class=\"pjustify\">Gr\u00e2ce \u00e0 cet assemblage, l\u2019<strong>imprimerie IGE Edigraphic <\/strong>reste concentr\u00e9e sur son m\u00e9tier tout en adoptant ses outils et en d\u00e9veloppant ses prestations. <strong>Imprimeur Offset et Num\u00e9rique,<\/strong>&nbsp;on vous accompagne du bon de commande \u00e0 la livraison.<\/p>\n\n\n\n<p style=\"font-size:18px\">Implant\u00e9e \u00e0 <strong>Confolens<\/strong> et \u00e0 <strong>Nontron<\/strong> (si\u00e8ge social), dans le Poitou-Charente (16) et la Dordogne (24), l\u2019Imprimerie <strong>IGE Edigraphic<\/strong> est une entreprise familiale et artisanale qui vous propose un service complet d\u2019impression &#8211; pour tous supports, toutes quantit\u00e9s. <\/p>\n\n\n\n<div style=\"height:20px\" aria-hidden=\"true\" class=\"wp-block-spacer\"><\/div>\n\n\n\n<figure class=\"wp-block-gallery columns-3 is-cropped aligncenter\"><ul class=\"blocks-gallery-grid\"><li class=\"blocks-gallery-item\"><figure><img loading=\"lazy\" width=\"1000\" height=\"667\" src=\"https:\/\/ige-edigraphic.fr\/wp-content\/uploads\/2019\/03\/imprimerie_ext.jpg\" alt=\"\" data-id=\"354\" data-link=\"https:\/\/ige-edigraphic.fr\/index.php\/limprimerie\/imprimerie_ext\/#main\" class=\"wp-image-354\" srcset=\"https:\/\/ige-edigraphic.fr\/wp-content\/uploads\/2019\/03\/imprimerie_ext.jpg 1000w, https:\/\/ige-edigraphic.fr\/wp-content\/uploads\/2019\/03\/imprimerie_ext-300x200.jpg 300w, https:\/\/ige-edigraphic.fr\/wp-content\/uploads\/2019\/03\/imprimerie_ext-768x512.jpg 768w\" sizes=\"(max-width: 1000px) 100vw, 1000px\" \/><\/figure><\/li><li class=\"blocks-gallery-item\"><figure><img loading=\"lazy\" width=\"1000\" height=\"667\" src=\"https:\/\/ige-edigraphic.fr\/wp-content\/uploads\/2019\/03\/bureau.jpg\" alt=\"\" data-id=\"356\" data-link=\"https:\/\/ige-edigraphic.fr\/bureau\/\" class=\"wp-image-356\" srcset=\"https:\/\/ige-edigraphic.fr\/wp-content\/uploads\/2019\/03\/bureau.jpg 1000w, https:\/\/ige-edigraphic.fr\/wp-content\/uploads\/2019\/03\/bureau-300x200.jpg 300w, https:\/\/ige-edigraphic.fr\/wp-content\/uploads\/2019\/03\/bureau-768x512.jpg 768w\" sizes=\"(max-width: 1000px) 100vw, 1000px\" \/><\/figure><\/li><li class=\"blocks-gallery-item\"><figure><img loading=\"lazy\" width=\"370\" height=\"290\" src=\"https:\/\/ige-edigraphic.fr\/wp-content\/uploads\/2019\/03\/finition.png\" alt=\"\" data-id=\"349\" data-link=\"https:\/\/ige-edigraphic.fr\/index.php\/limprimerie\/finition\/#main\" class=\"wp-image-349\" srcset=\"https:\/\/ige-edigraphic.fr\/wp-content\/uploads\/2019\/03\/finition.png 370w, https:\/\/ige-edigraphic.fr\/wp-content\/uploads\/2019\/03\/finition-300x235.png 300w\" sizes=\"(max-width: 370px) 100vw, 370px\" \/><\/figure><\/li><\/ul><\/figure>\n\n\n\n<div style=\"height:60px\" aria-hidden=\"true\" class=\"wp-block-spacer\"><\/div>\n\n\n\n<hr class=\"wp-block-separator\"\/>\n\n\n\n<div style=\"height:80px\" aria-hidden=\"true\" class=\"wp-block-spacer\"><\/div>\n\n\n\n<h1 class=\"has-text-align-left\">L&#8217;imprimeur<\/h1>\n\n\n\n<div class=\"wp-block-media-text alignwide has-media-on-the-right is-stacked-on-mobile\"><figure class=\"wp-block-media-text__media\"><img loading=\"lazy\" width=\"638\" height=\"500\" src=\"https:\/\/ige-edigraphic.fr\/wp-content\/uploads\/2019\/03\/imprimeur.jpg\" alt=\"\" class=\"wp-image-344\" srcset=\"https:\/\/ige-edigraphic.fr\/wp-content\/uploads\/2019\/03\/imprimeur.jpg 638w, https:\/\/ige-edigraphic.fr\/wp-content\/uploads\/2019\/03\/imprimeur-300x235.jpg 300w\" sizes=\"(max-width: 638px) 100vw, 638px\" \/><\/figure><div class=\"wp-block-media-text__content\">\n<p class=\"pjustify\">Depuis plus de 35 ans, nous sommes au service des entreprises, collectivit\u00e9s, associations et particuliers de la r\u00e9gion. <\/p>\n\n\n\n<p class=\"pjustify\">Nous mettons \u00e0 votre disposition des solutions adapt\u00e9es \u00e0 vos besoins et \u00e0 votre budget. Nous vous accompagnons de la mise en page \u00e0 l\u2019impression sur tous vos supports. <\/p>\n\n\n\n<h3 class=\"has-text-align-left\">Pourquoi nous choisir ?<\/h3>\n\n\n\n<ul><li>Plus de 35 ans d&#8217;exp\u00e9rience<\/li><li>Savoir-faire<\/li><li>Grande r\u00e9activit\u00e9<\/li><li>\u00c9coute de vos besoins<\/li><li>Conseils personnalis\u00e9s<\/li><li>Respect des d\u00e9lais de livraison<\/li><\/ul>\n<\/div><\/div>\n\n\n\n<div style=\"height:138px\" aria-hidden=\"true\" class=\"wp-block-spacer\"><\/div>\n\n\n\n<h1>Ils nous font confiance<\/h1>\n\n\n\n<div style=\"height:20px\" aria-hidden=\"true\" class=\"wp-block-spacer\"><\/div>\n\n\n<div class=\"row_area\">\r\n\t\r\n\t<div class=\"ourpartner-logo \"><a href=\"http:\/\/www.mairie-confolens.fr\/\" target=\"_blank\"><img src=\"https:\/\/ige-edigraphic.fr\/wp-content\/uploads\/2019\/02\/confolens.png\" \/><\/a><\/div>\r\n\t\r\n\t<div class=\"ourpartner-logo \"><a href=\"#\" target=\"_blank\"><img src=\"https:\/\/ige-edigraphic.fr\/wp-content\/uploads\/2019\/02\/CDV.png\" \/><\/a><\/div>\r\n\t\r\n\t<div class=\"ourpartner-logo \"><a href=\"#\" target=\"_blank\"><img src=\"https:\/\/ige-edigraphic.fr\/wp-content\/uploads\/2019\/02\/thomas.png\" \/><\/a><\/div>\r\n\t\r\n\t<div class=\"ourpartner-logo \"><a href=\"https:\/\/charente-limousine.fr\/index.php\/fr\/\" target=\"_blank\"><img src=\"https:\/\/ige-edigraphic.fr\/wp-content\/uploads\/2019\/03\/CCCL.png\" \/><\/a><\/div>\r\n\t\r\n\t<div class=\"ourpartner-logo \"><a href=\"https:\/\/www.festivaldeconfolens.com\/\" target=\"_blank\"><img src=\"https:\/\/ige-edigraphic.fr\/wp-content\/uploads\/2019\/02\/festival.png\" \/><\/a><\/div>\r\n\t\r\n\t<div class=\"ourpartner-logo \"><a href=\"https:\/\/www.nontron.fr\/\" target=\"_blank\"><img src=\"https:\/\/ige-edigraphic.fr\/wp-content\/uploads\/2019\/03\/nontron.png\" \/><\/a><\/div>\r\n\t\r\n\t<div class=\"ourpartner-logo \"><a href=\"http:\/\/www.emeraude-hotel-confolens.com\/\" target=\"_blank\"><img src=\"https:\/\/ige-edigraphic.fr\/wp-content\/uploads\/2019\/04\/emeraude.png\" \/><\/a><\/div>\r\n\t\r\n\t<div class=\"ourpartner-logo \"><a href=\"#\" target=\"_blank\"><img src=\"https:\/\/ige-edigraphic.fr\/wp-content\/uploads\/2019\/03\/lesterps.png\" \/><\/a><\/div>\r\n\t\r\n\t<div class=\"ourpartner-logo \"><a href=\"#\" target=\"_blank\"><img src=\"https:\/\/ige-edigraphic.fr\/wp-content\/uploads\/2019\/02\/mallet.png\" \/><\/a><\/div><div class=\"clear\"><\/div><\/div>\n","protected":false},"excerpt":{"rendered":"<p>Cr\u00e9e en 2012 avec la reprise d&#8217;Edigraphic anciennement localis\u00e9e \u00e0 Saint-Maurice-des-Lions (16), IGE a fusionn\u00e9 en 2015 avec Eclaircy imprimeur, une fusion de plus de 35 ans d\u2019exp\u00e9rience, et qui a \u00e9lu domicile \u00e0 Confolens&nbsp;(16) dans la zone d\u2019activit\u00e9 de la Croix St-Georges. Gr\u00e2ce \u00e0 cet assemblage, l\u2019imprimerie IGE Edigraphic reste concentr\u00e9e sur son m\u00e9tier&#8230; <\/p>\n","protected":false},"author":1,"featured_media":0,"parent":0,"menu_order":0,"comment_status":"closed","ping_status":"closed","template":"full-width.php","meta":[],"yoast_head":"<!-- This site is optimized with the Yoast SEO plugin v18.3 - https:\/\/yoast.com\/wordpress\/plugins\/seo\/ -->\n<title>L&#039;imprimerie &bull; IGE EDIGRAPHIC - Imprimerie Confolens Nontron<\/title>\n<meta name=\"description\" content=\"L&#039;imprimerie &bull; Cr\u00e9e en 2012 avec la reprise d&#039;Edigraphic, IGE a fusionn\u00e9 avec Eclaircy imprimeur, une fusion de 35 ans d\u2019exp\u00e9rience, \u00e0 Confolens 16500.\" \/>\n<meta name=\"robots\" content=\"index, follow, max-snippet:-1, max-image-preview:large, max-video-preview:-1\" \/>\n<link rel=\"canonical\" href=\"https:\/\/ige-edigraphic.fr\/index.php\/imprimerie-2\/\" \/>\n<meta property=\"og:locale\" content=\"fr_FR\" \/>\n<meta property=\"og:type\" content=\"article\" \/>\n<meta property=\"og:title\" content=\"L&#039;imprimerie &bull; IGE EDIGRAPHIC - Imprimerie Confolens Nontron\" \/>\n<meta property=\"og:description\" content=\"L&#039;imprimerie &bull; Cr\u00e9e en 2012 avec la reprise d&#039;Edigraphic, IGE a fusionn\u00e9 avec Eclaircy imprimeur, une fusion de 35 ans d\u2019exp\u00e9rience, \u00e0 Confolens 16500.\" \/>\n<meta property=\"og:url\" content=\"https:\/\/ige-edigraphic.fr\/index.php\/imprimerie-2\/\" \/>\n<meta property=\"og:site_name\" content=\"IGE EDIGRAPHIC - Imprimerie Confolens Nontron\" \/>\n<meta property=\"article:modified_time\" content=\"2020-08-04T09:56:19+00:00\" \/>\n<meta property=\"og:image\" content=\"https:\/\/ige-edigraphic.fr\/wp-content\/uploads\/2019\/03\/imprimerie_ext.jpg\" \/>\n<meta name=\"twitter:card\" content=\"summary_large_image\" \/>\n<meta name=\"twitter:label1\" content=\"Dur\u00e9e de lecture estim\u00e9e\" \/>\n\t<meta name=\"twitter:data1\" content=\"2 minutes\" \/>\n<script type=\"application\/ld+json\" class=\"yoast-schema-graph\">{\"@context\":\"https:\/\/schema.org\",\"@graph\":[{\"@type\":\"Organization\",\"@id\":\"https:\/\/ige-edigraphic.fr\/#organization\",\"name\":\"IGE Edigraphic\",\"url\":\"https:\/\/ige-edigraphic.fr\/\",\"sameAs\":[],\"logo\":{\"@type\":\"ImageObject\",\"@id\":\"https:\/\/ige-edigraphic.fr\/#logo\",\"inLanguage\":\"fr-FR\",\"url\":\"https:\/\/ige-edigraphic.fr\/wp-content\/uploads\/2019\/01\/encart_noir2_650.png\",\"contentUrl\":\"https:\/\/ige-edigraphic.fr\/wp-content\/uploads\/2019\/01\/encart_noir2_650.png\",\"width\":650,\"height\":164,\"caption\":\"IGE Edigraphic\"},\"image\":{\"@id\":\"https:\/\/ige-edigraphic.fr\/#logo\"}},{\"@type\":\"WebSite\",\"@id\":\"https:\/\/ige-edigraphic.fr\/#website\",\"url\":\"https:\/\/ige-edigraphic.fr\/\",\"name\":\"IGE EDIGRAPHIC - Imprimerie Confolens Nontron\",\"description\":\"Imprimerie Confolens - Nontron\",\"publisher\":{\"@id\":\"https:\/\/ige-edigraphic.fr\/#organization\"},\"potentialAction\":[{\"@type\":\"SearchAction\",\"target\":{\"@type\":\"EntryPoint\",\"urlTemplate\":\"https:\/\/ige-edigraphic.fr\/?s={search_term_string}\"},\"query-input\":\"required name=search_term_string\"}],\"inLanguage\":\"fr-FR\"},{\"@type\":\"ImageObject\",\"@id\":\"https:\/\/ige-edigraphic.fr\/index.php\/imprimerie-2\/#primaryimage\",\"inLanguage\":\"fr-FR\",\"url\":\"https:\/\/ige-edigraphic.fr\/wp-content\/uploads\/2019\/03\/imprimerie_ext.jpg\",\"contentUrl\":\"https:\/\/ige-edigraphic.fr\/wp-content\/uploads\/2019\/03\/imprimerie_ext.jpg\",\"width\":1000,\"height\":667},{\"@type\":\"WebPage\",\"@id\":\"https:\/\/ige-edigraphic.fr\/index.php\/imprimerie-2\/#webpage\",\"url\":\"https:\/\/ige-edigraphic.fr\/index.php\/imprimerie-2\/\",\"name\":\"L'imprimerie &bull; IGE EDIGRAPHIC - Imprimerie Confolens Nontron\",\"isPartOf\":{\"@id\":\"https:\/\/ige-edigraphic.fr\/#website\"},\"primaryImageOfPage\":{\"@id\":\"https:\/\/ige-edigraphic.fr\/index.php\/imprimerie-2\/#primaryimage\"},\"datePublished\":\"2019-01-29T16:08:35+00:00\",\"dateModified\":\"2020-08-04T09:56:19+00:00\",\"description\":\"L'imprimerie &bull; Cr\u00e9e en 2012 avec la reprise d'Edigraphic, IGE a fusionn\u00e9 avec Eclaircy imprimeur, une fusion de 35 ans d\u2019exp\u00e9rience, \u00e0 Confolens 16500.\",\"breadcrumb\":{\"@id\":\"https:\/\/ige-edigraphic.fr\/index.php\/imprimerie-2\/#breadcrumb\"},\"inLanguage\":\"fr-FR\",\"potentialAction\":[{\"@type\":\"ReadAction\",\"target\":[\"https:\/\/ige-edigraphic.fr\/index.php\/imprimerie-2\/\"]}]},{\"@type\":\"BreadcrumbList\",\"@id\":\"https:\/\/ige-edigraphic.fr\/index.php\/imprimerie-2\/#breadcrumb\",\"itemListElement\":[{\"@type\":\"ListItem\",\"position\":1,\"name\":\"Accueil\",\"item\":\"https:\/\/ige-edigraphic.fr\/\"},{\"@type\":\"ListItem\",\"position\":2,\"name\":\"L&#8217;imprimerie\"}]}]}<\/script>\n<!-- \/ Yoast SEO plugin. -->","yoast_head_json":{"title":"L'imprimerie &bull; IGE EDIGRAPHIC - Imprimerie Confolens Nontron","description":"L'imprimerie &bull; Cr\u00e9e en 2012 avec la reprise d'Edigraphic, IGE a fusionn\u00e9 avec Eclaircy imprimeur, une fusion de 35 ans d\u2019exp\u00e9rience, \u00e0 Confolens 16500.","robots":{"index":"index","follow":"follow","max-snippet":"max-snippet:-1","max-image-preview":"max-image-preview:large","max-video-preview":"max-video-preview:-1"},"canonical":"https:\/\/ige-edigraphic.fr\/index.php\/imprimerie-2\/","og_locale":"fr_FR","og_type":"article","og_title":"L'imprimerie &bull; IGE EDIGRAPHIC - Imprimerie Confolens Nontron","og_description":"L'imprimerie &bull; Cr\u00e9e en 2012 avec la reprise d'Edigraphic, IGE a fusionn\u00e9 avec Eclaircy imprimeur, une fusion de 35 ans d\u2019exp\u00e9rience, \u00e0 Confolens 16500.","og_url":"https:\/\/ige-edigraphic.fr\/index.php\/imprimerie-2\/","og_site_name":"IGE EDIGRAPHIC - Imprimerie Confolens Nontron","article_modified_time":"2020-08-04T09:56:19+00:00","og_image":[{"url":"https:\/\/ige-edigraphic.fr\/wp-content\/uploads\/2019\/03\/imprimerie_ext.jpg"}],"twitter_card":"summary_large_image","twitter_misc":{"Dur\u00e9e de lecture estim\u00e9e":"2 minutes"},"schema":{"@context":"https:\/\/schema.org","@graph":[{"@type":"Organization","@id":"https:\/\/ige-edigraphic.fr\/#organization","name":"IGE Edigraphic","url":"https:\/\/ige-edigraphic.fr\/","sameAs":[],"logo":{"@type":"ImageObject","@id":"https:\/\/ige-edigraphic.fr\/#logo","inLanguage":"fr-FR","url":"https:\/\/ige-edigraphic.fr\/wp-content\/uploads\/2019\/01\/encart_noir2_650.png","contentUrl":"https:\/\/ige-edigraphic.fr\/wp-content\/uploads\/2019\/01\/encart_noir2_650.png","width":650,"height":164,"caption":"IGE Edigraphic"},"image":{"@id":"https:\/\/ige-edigraphic.fr\/#logo"}},{"@type":"WebSite","@id":"https:\/\/ige-edigraphic.fr\/#website","url":"https:\/\/ige-edigraphic.fr\/","name":"IGE EDIGRAPHIC - Imprimerie Confolens Nontron","description":"Imprimerie Confolens - Nontron","publisher":{"@id":"https:\/\/ige-edigraphic.fr\/#organization"},"potentialAction":[{"@type":"SearchAction","target":{"@type":"EntryPoint","urlTemplate":"https:\/\/ige-edigraphic.fr\/?s={search_term_string}"},"query-input":"required name=search_term_string"}],"inLanguage":"fr-FR"},{"@type":"ImageObject","@id":"https:\/\/ige-edigraphic.fr\/index.php\/imprimerie-2\/#primaryimage","inLanguage":"fr-FR","url":"https:\/\/ige-edigraphic.fr\/wp-content\/uploads\/2019\/03\/imprimerie_ext.jpg","contentUrl":"https:\/\/ige-edigraphic.fr\/wp-content\/uploads\/2019\/03\/imprimerie_ext.jpg","width":1000,"height":667},{"@type":"WebPage","@id":"https:\/\/ige-edigraphic.fr\/index.php\/imprimerie-2\/#webpage","url":"https:\/\/ige-edigraphic.fr\/index.php\/imprimerie-2\/","name":"L'imprimerie &bull; IGE EDIGRAPHIC - Imprimerie Confolens Nontron","isPartOf":{"@id":"https:\/\/ige-edigraphic.fr\/#website"},"primaryImageOfPage":{"@id":"https:\/\/ige-edigraphic.fr\/index.php\/imprimerie-2\/#primaryimage"},"datePublished":"2019-01-29T16:08:35+00:00","dateModified":"2020-08-04T09:56:19+00:00","description":"L'imprimerie &bull; Cr\u00e9e en 2012 avec la reprise d'Edigraphic, IGE a fusionn\u00e9 avec Eclaircy imprimeur, une fusion de 35 ans d\u2019exp\u00e9rience, \u00e0 Confolens 16500.","breadcrumb":{"@id":"https:\/\/ige-edigraphic.fr\/index.php\/imprimerie-2\/#breadcrumb"},"inLanguage":"fr-FR","potentialAction":[{"@type":"ReadAction","target":["https:\/\/ige-edigraphic.fr\/index.php\/imprimerie-2\/"]}]},{"@type":"BreadcrumbList","@id":"https:\/\/ige-edigraphic.fr\/index.php\/imprimerie-2\/#breadcrumb","itemListElement":[{"@type":"ListItem","position":1,"name":"Accueil","item":"https:\/\/ige-edigraphic.fr\/"},{"@type":"ListItem","position":2,"name":"L&#8217;imprimerie"}]}]}},"_links":{"self":[{"href":"https:\/\/ige-edigraphic.fr\/index.php\/wp-json\/wp\/v2\/pages\/8"}],"collection":[{"href":"https:\/\/ige-edigraphic.fr\/index.php\/wp-json\/wp\/v2\/pages"}],"about":[{"href":"https:\/\/ige-edigraphic.fr\/index.php\/wp-json\/wp\/v2\/types\/page"}],"author":[{"embeddable":true,"href":"https:\/\/ige-edigraphic.fr\/index.php\/wp-json\/wp\/v2\/users\/1"}],"replies":[{"embeddable":true,"href":"https:\/\/ige-edigraphic.fr\/index.php\/wp-json\/wp\/v2\/comments?post=8"}],"version-history":[{"count":72,"href":"https:\/\/ige-edigraphic.fr\/index.php\/wp-json\/wp\/v2\/pages\/8\/revisions"}],"predecessor-version":[{"id":621,"href":"https:\/\/ige-edigraphic.fr\/index.php\/wp-json\/wp\/v2\/pages\/8\/revisions\/621"}],"wp:attachment":[{"href":"https:\/\/ige-edigraphic.fr\/index.php\/wp-json\/wp\/v2\/media?parent=8"}],"curies":[{"name":"wp","href":"https:\/\/api.w.org\/{rel}","templated":true}]}}